{"id":12,"date":"2025-10-30T21:06:25","date_gmt":"2025-10-30T21:06:25","guid":{"rendered":"https:\/\/www.fosfatosdelpacifico.pe\/?page_id=12"},"modified":"2026-02-12T19:53:34","modified_gmt":"2026-02-12T19:53:34","slug":"inicio","status":"publish","type":"page","link":"https:\/\/www.fosfatosdelpacifico.pe\/en\/","title":{"rendered":"Inicio"},"content":{"rendered":"\t\t<div data-elementor-type=\"wp-page\" data-elementor-id=\"12\" class=\"elementor elementor-12\" data-elementor-post-type=\"page\">\n\t\t\t\t<div class=\"elementor-element elementor-element-ef53474 e-flex e-con-boxed e-con e-parent\" data-id=\"ef53474\" data-element_type=\"container\" data-e-type=\"container\" id=\"inicio\" data-settings=\"{&quot;background_background&quot;:&quot;classic&quot;}\">\n\t\t\t\t\t<div class=\"e-con-inner\">\n\t\t\t\t<div class=\"elementor-element elementor-element-f271a7f elementor-widget__width-initial elementor-widget elementor-widget-heading\" data-id=\"f271a7f\" data-element_type=\"widget\" data-e-type=\"widget\" data-widget_type=\"heading.default\">\n\t\t\t\t\t<h2 class=\"elementor-heading-title elementor-size-default\">Fosfatos del Pac\u00edfico S.A. es una empresa p\u00fablica, que cotiza en la Bolsa de Valores de Lima (BVL) y cuyo objeto social es dedicarse a todo tipo de actividades mineras met\u00e1licas y no met\u00e1licas.  La Compa\u00f1\u00eda  es titular de la concesi\u00f3n minera no met\u00e1lica Bayovar 9, en la cual a la fecha se han detectado importantes yacimientos de Diatomita y Roca Fosf\u00f3rica.<\/h2>\t\t\t\t<\/div>\n\t\t\t\t\t<\/div>\n\t\t\t\t<\/div>\n\t\t<div class=\"elementor-element elementor-element-cc83dfa e-flex e-con-boxed e-con e-parent\" data-id=\"cc83dfa\" data-element_type=\"container\" data-e-type=\"container\">\n\t\t\t\t\t<div class=\"e-con-inner\">\n\t\t\t\t<div class=\"elementor-element elementor-element-d14e8a5 elementor-widget elementor-widget-heading\" data-id=\"d14e8a5\" data-element_type=\"widget\" data-e-type=\"widget\" id=\"ubicacion\" data-widget_type=\"heading.default\">\n\t\t\t\t\t<h2 class=\"elementor-heading-title elementor-size-default\">UBICACI\u00d3N<\/h2>\t\t\t\t<\/div>\n\t\t\t\t<div class=\"elementor-element elementor-element-af359fd elementor-widget elementor-widget-image\" data-id=\"af359fd\" data-element_type=\"widget\" data-e-type=\"widget\" data-widget_type=\"image.default\">\n\t\t\t\t\t\t\t\t\t\t\t\t\t\t\t<img fetchpriority=\"high\" decoding=\"async\" width=\"800\" height=\"436\" src=\"https:\/\/www.fosfatosdelpacifico.pe\/wp-content\/uploads\/2025\/10\/mapa-espanol.jpg\" class=\"attachment-large size-large wp-image-34\" alt=\"\" srcset=\"https:\/\/www.fosfatosdelpacifico.pe\/wp-content\/uploads\/2025\/10\/mapa-espanol.jpg 1024w, https:\/\/www.fosfatosdelpacifico.pe\/wp-content\/uploads\/2025\/10\/mapa-espanol-300x163.jpg 300w, https:\/\/www.fosfatosdelpacifico.pe\/wp-content\/uploads\/2025\/10\/mapa-espanol-768x419.jpg 768w, https:\/\/www.fosfatosdelpacifico.pe\/wp-content\/uploads\/2025\/10\/mapa-espanol-18x10.jpg 18w\" sizes=\"(max-width: 800px) 100vw, 800px\" \/>\t\t\t\t\t\t\t\t\t\t\t\t\t\t\t<\/div>\n\t\t<div class=\"elementor-element elementor-element-81d8145 e-con-full e-flex e-con e-child\" data-id=\"81d8145\" data-element_type=\"container\" data-e-type=\"container\">\n\t\t<div class=\"elementor-element elementor-element-9fa2889 e-con-full e-flex e-con e-child\" data-id=\"9fa2889\" data-element_type=\"container\" data-e-type=\"container\">\n\t\t\t\t<div class=\"elementor-element elementor-element-01b856c elementor-widget__width-initial elementor-widget elementor-widget-heading\" data-id=\"01b856c\" data-element_type=\"widget\" data-e-type=\"widget\" data-widget_type=\"heading.default\">\n\t\t\t\t\t<h2 class=\"elementor-heading-title elementor-size-default\">Dise\u00f1o General del Proyecto<\/h2>\t\t\t\t<\/div>\n\t\t\t\t<div class=\"elementor-element elementor-element-33081f1 elementor-widget elementor-widget-text-editor\" data-id=\"33081f1\" data-element_type=\"widget\" data-e-type=\"widget\" data-widget_type=\"text-editor.default\">\n\t\t\t\t\t\t\t\t\tEl acceso a la concesi\u00f3n Bay\u00f3var 9 desde Piura es a trav\u00e9s de la carretera panamericana por aprox. 110 km al sur y luego 30 km al oeste en una pista pavimentada que une la panamericana con Bay\u00f3var.\t\t\t\t\t\t\t\t<\/div>\n\t\t\t\t<\/div>\n\t\t<div class=\"elementor-element elementor-element-7092622 e-con-full e-flex e-con e-child\" data-id=\"7092622\" data-element_type=\"container\" data-e-type=\"container\">\n\t\t\t\t<div class=\"elementor-element elementor-element-b7dd6c4 elementor-widget elementor-widget-image\" data-id=\"b7dd6c4\" data-element_type=\"widget\" data-e-type=\"widget\" data-widget_type=\"image.default\">\n\t\t\t\t\t\t\t\t\t\t\t\t\t\t\t<img decoding=\"async\" width=\"558\" height=\"556\" src=\"https:\/\/www.fosfatosdelpacifico.pe\/wp-content\/uploads\/2025\/10\/screen-shot-2017-07-24-at-15441-pm.jpg\" class=\"attachment-large size-large wp-image-41\" alt=\"\" srcset=\"https:\/\/www.fosfatosdelpacifico.pe\/wp-content\/uploads\/2025\/10\/screen-shot-2017-07-24-at-15441-pm.jpg 558w, https:\/\/www.fosfatosdelpacifico.pe\/wp-content\/uploads\/2025\/10\/screen-shot-2017-07-24-at-15441-pm-300x300.jpg 300w, https:\/\/www.fosfatosdelpacifico.pe\/wp-content\/uploads\/2025\/10\/screen-shot-2017-07-24-at-15441-pm-150x150.jpg 150w, https:\/\/www.fosfatosdelpacifico.pe\/wp-content\/uploads\/2025\/10\/screen-shot-2017-07-24-at-15441-pm-12x12.jpg 12w\" sizes=\"(max-width: 558px) 100vw, 558px\" \/>\t\t\t\t\t\t\t\t\t\t\t\t\t\t\t<\/div>\n\t\t\t\t<\/div>\n\t\t\t\t<\/div>\n\t\t<div class=\"elementor-element elementor-element-3efbb11 e-con-full e-flex e-con e-child\" data-id=\"3efbb11\" data-element_type=\"container\" data-e-type=\"container\">\n\t\t<div class=\"elementor-element elementor-element-19a33f9 e-con-full e-flex e-con e-child\" data-id=\"19a33f9\" data-element_type=\"container\" data-e-type=\"container\">\n\t\t\t\t<div class=\"elementor-element elementor-element-e62e42e elementor-widget elementor-widget-text-editor\" data-id=\"e62e42e\" data-element_type=\"widget\" data-e-type=\"widget\" data-widget_type=\"text-editor.default\">\n\t\t\t\t\t\t\t\t\tConcesi\u00f3n de diatomita en el \u00e1rea de Bay\u00f3var 9, ubicada en el norte de la costa del Per\u00fa. Adicionalmente, la concesi\u00f3n contiene Roca Fosf\u00f3rica la cual ser\u00e1 extra\u00edda bajo el modelo multicapa a tajo abierto, usando m\u00e9todos de minado convencionales y continuos.\n \nLa producci\u00f3n esperada es de de 2.5 mm TM de concentrado de roca fosf\u00f3rica por a\u00f1o, con un contenido aproximado de 30% P205.\t\t\t\t\t\t\t\t<\/div>\n\t\t\t\t<\/div>\n\t\t<div class=\"elementor-element elementor-element-cfd0d14 e-con-full e-flex e-con e-child\" data-id=\"cfd0d14\" data-element_type=\"container\" data-e-type=\"container\">\n\t\t\t\t<div class=\"elementor-element elementor-element-0218545 elementor-widget elementor-widget-image\" data-id=\"0218545\" data-element_type=\"widget\" data-e-type=\"widget\" data-widget_type=\"image.default\">\n\t\t\t\t\t\t\t\t\t\t\t\t\t\t\t<img decoding=\"async\" width=\"524\" height=\"312\" src=\"https:\/\/www.fosfatosdelpacifico.pe\/wp-content\/uploads\/2025\/10\/imagen1.jpg\" class=\"attachment-large size-large wp-image-48\" alt=\"\" srcset=\"https:\/\/www.fosfatosdelpacifico.pe\/wp-content\/uploads\/2025\/10\/imagen1.jpg 524w, https:\/\/www.fosfatosdelpacifico.pe\/wp-content\/uploads\/2025\/10\/imagen1-300x179.jpg 300w, https:\/\/www.fosfatosdelpacifico.pe\/wp-content\/uploads\/2025\/10\/imagen1-18x12.jpg 18w\" sizes=\"(max-width: 524px) 100vw, 524px\" \/>\t\t\t\t\t\t\t\t\t\t\t\t\t\t\t<\/div>\n\t\t\t\t<\/div>\n\t\t\t\t<\/div>\n\t\t\t\t\t<\/div>\n\t\t\t\t<\/div>\n\t\t<div class=\"elementor-element elementor-element-838c4cd e-flex e-con-boxed e-con e-parent\" data-id=\"838c4cd\" data-element_type=\"container\" data-e-type=\"container\" data-settings=\"{&quot;background_background&quot;:&quot;classic&quot;}\">\n\t\t\t\t\t<div class=\"e-con-inner\">\n\t\t<div class=\"elementor-element elementor-element-ad58a6f e-con-full elementor-hidden-desktop elementor-hidden-tablet elementor-hidden-mobile e-flex e-con e-child\" data-id=\"ad58a6f\" data-element_type=\"container\" data-e-type=\"container\">\n\t\t\t\t<\/div>\n\t\t<div class=\"elementor-element elementor-element-bfe6427 e-con-full e-flex e-con e-child\" data-id=\"bfe6427\" data-element_type=\"container\" data-e-type=\"container\">\n\t\t\t\t<div class=\"elementor-element elementor-element-ebe534f elementor-widget elementor-widget-text-editor\" data-id=\"ebe534f\" data-element_type=\"widget\" data-e-type=\"widget\" data-widget_type=\"text-editor.default\">\n\t\t\t\t\t\t\t\t\t<p>Fosfatos del Pac\u00edfico busca un socio estrat\u00e9gico para impulsar el desarrollo del proyecto y abastecer de roca fosf\u00f3rica al mercado local e internacional.<\/p>\t\t\t\t\t\t\t\t<\/div>\n\t\t\t\t<\/div>\n\t\t\t\t\t<\/div>\n\t\t\t\t<\/div>\n\t\t<div class=\"elementor-element elementor-element-013d623 e-con-full e-flex e-con e-parent\" data-id=\"013d623\" data-element_type=\"container\" data-e-type=\"container\">\n\t\t\t\t<div class=\"elementor-element elementor-element-0f9bcb2 elementor-widget elementor-widget-google_maps\" data-id=\"0f9bcb2\" data-element_type=\"widget\" data-e-type=\"widget\" data-widget_type=\"google_maps.default\">\n\t\t\t\t\t\t\t<div class=\"elementor-custom-embed\">\n\t\t\t<iframe loading=\"lazy\"\n\t\t\t\t\tsrc=\"https:\/\/maps.google.com\/maps?q=5%C2%B059%2712.0%22S%2080%C2%B051%2719.4%22W&#038;t=m&#038;z=9&#038;output=embed&#038;iwloc=near\"\n\t\t\t\t\ttitle=\"5\u00b059&#039;12.0&quot;S 80\u00b051&#039;19.4&quot;W\"\n\t\t\t\t\taria-label=\"5\u00b059&#039;12.0&quot;S 80\u00b051&#039;19.4&quot;W\"\n\t\t\t><\/iframe>\n\t\t<\/div>\n\t\t\t\t\t\t<\/div>\n\t\t\t\t<\/div>\n\t\t<div class=\"elementor-element elementor-element-42eb24c e-flex e-con-boxed e-con e-parent\" data-id=\"42eb24c\" data-element_type=\"container\" data-e-type=\"container\" data-settings=\"{&quot;background_background&quot;:&quot;classic&quot;}\">\n\t\t\t\t\t<div class=\"e-con-inner\">\n\t\t\t\t<div class=\"elementor-element elementor-element-903abd8 elementor-widget elementor-widget-heading\" data-id=\"903abd8\" data-element_type=\"widget\" data-e-type=\"widget\" id=\"cronograma\" data-widget_type=\"heading.default\">\n\t\t\t\t\t<h2 class=\"elementor-heading-title elementor-size-default\">Cronograma<\/h2>\t\t\t\t<\/div>\n\t\t\t\t<div class=\"elementor-element elementor-element-304eb11 elementor-widget__width-initial elementor-widget elementor-widget-heading\" data-id=\"304eb11\" data-element_type=\"widget\" data-e-type=\"widget\" data-widget_type=\"heading.default\">\n\t\t\t\t\t<h2 class=\"elementor-heading-title elementor-size-default\">Estudios de Ingenier\u00eda y Estudio de Factibilidad Concluidos<\/h2>\t\t\t\t<\/div>\n\t\t\t\t<div class=\"elementor-element elementor-element-d6787e9 elementor-widget elementor-widget-video\" data-id=\"d6787e9\" data-element_type=\"widget\" data-e-type=\"widget\" data-settings=\"{&quot;youtube_url&quot;:&quot;https:\\\/\\\/www.youtube.com\\\/watch?v=V-ijR7LFPvE&quot;,&quot;video_type&quot;:&quot;youtube&quot;,&quot;controls&quot;:&quot;yes&quot;}\" data-widget_type=\"video.default\">\n\t\t\t\t\t\t\t<div class=\"elementor-wrapper elementor-open-inline\">\n\t\t\t<div class=\"elementor-video\"><\/div>\t\t<\/div>\n\t\t\t\t\t\t<\/div>\n\t\t\t\t\t<\/div>\n\t\t\t\t<\/div>\n\t\t<div class=\"elementor-element elementor-element-0f1d5bd e-flex e-con-boxed e-con e-parent\" data-id=\"0f1d5bd\" data-element_type=\"container\" data-e-type=\"container\" id=\"contratistas\" data-settings=\"{&quot;background_background&quot;:&quot;classic&quot;}\">\n\t\t\t\t\t<div class=\"e-con-inner\">\n\t\t\t\t<div class=\"elementor-element elementor-element-7ea513e elementor-widget elementor-widget-heading\" data-id=\"7ea513e\" data-element_type=\"widget\" data-e-type=\"widget\" data-widget_type=\"heading.default\">\n\t\t\t\t\t<h2 class=\"elementor-heading-title elementor-size-default\">PRINCIPALES CONTRATISTAS<\/h2>\t\t\t\t<\/div>\n\t\t\t\t<div class=\"elementor-element elementor-element-021a1c1 elementor-widget elementor-widget-heading\" data-id=\"021a1c1\" data-element_type=\"widget\" data-e-type=\"widget\" data-widget_type=\"heading.default\">\n\t\t\t\t\t<h2 class=\"elementor-heading-title elementor-size-default\">ESTUDIOS REALIZADOS CON EQUIPOS DE ULTIMA TECNOLOG\u00cdA:<\/h2>\t\t\t\t<\/div>\n\t\t\t\t<div class=\"elementor-element elementor-element-4c74cea elementor-widget elementor-widget-heading\" data-id=\"4c74cea\" data-element_type=\"widget\" data-e-type=\"widget\" data-widget_type=\"heading.default\">\n\t\t\t\t\t<h2 class=\"elementor-heading-title elementor-size-default\">FOSFATOS DEL PAC\u00cdFICO CONTRAT\u00d3 A WORLEYPARSONS COMO <span>PROJECT MANAGEMENT CONSULTANT<\/span> PARA SUPERVISAR E INTEGRAR EL DESARROLLO DE LOS PAQUETES DE INGENIER\u00cdA B\u00c1SICA<\/h2>\t\t\t\t<\/div>\n\t\t\t\t<div class=\"elementor-element elementor-element-31b4f34 elementor-widget elementor-widget-gallery\" data-id=\"31b4f34\" data-element_type=\"widget\" data-e-type=\"widget\" data-settings=\"{&quot;gallery_layout&quot;:&quot;justified&quot;,&quot;overlay_description&quot;:&quot;caption&quot;,&quot;lazyload&quot;:&quot;yes&quot;,&quot;ideal_row_height&quot;:{&quot;unit&quot;:&quot;px&quot;,&quot;size&quot;:200,&quot;sizes&quot;:[]},&quot;ideal_row_height_tablet&quot;:{&quot;unit&quot;:&quot;px&quot;,&quot;size&quot;:150,&quot;sizes&quot;:[]},&quot;ideal_row_height_mobile&quot;:{&quot;unit&quot;:&quot;px&quot;,&quot;size&quot;:150,&quot;sizes&quot;:[]},&quot;gap&quot;:{&quot;unit&quot;:&quot;px&quot;,&quot;size&quot;:10,&quot;sizes&quot;:[]},&quot;gap_tablet&quot;:{&quot;unit&quot;:&quot;px&quot;,&quot;size&quot;:10,&quot;sizes&quot;:[]},&quot;gap_mobile&quot;:{&quot;unit&quot;:&quot;px&quot;,&quot;size&quot;:10,&quot;sizes&quot;:[]},&quot;link_to&quot;:&quot;file&quot;,&quot;overlay_background&quot;:&quot;yes&quot;,&quot;content_hover_animation&quot;:&quot;fade-in&quot;}\" data-widget_type=\"gallery.default\">\n\t\t\t\t\t\t\t<div class=\"elementor-gallery__container\">\n\t\t\t\t\t\t\t<a class=\"e-gallery-item elementor-gallery-item elementor-animated-content\" href=\"https:\/\/www.fosfatosdelpacifico.pe\/wp-content\/uploads\/2025\/10\/12.jpg_crc420185218.jpg\" data-elementor-open-lightbox=\"no\">\n\t\t\t\t\t<div class=\"e-gallery-image elementor-gallery-item__image\" data-thumbnail=\"https:\/\/www.fosfatosdelpacifico.pe\/wp-content\/uploads\/2025\/10\/12.jpg_crc420185218.jpg\" data-width=\"230\" data-height=\"230\" aria-label=\"\" role=\"img\" ><\/div>\n\t\t\t\t\t\t\t\t\t\t\t<div class=\"elementor-gallery-item__overlay\"><\/div>\n\t\t\t\t\t\t\t\t\t\t\t\t\t\t\t<div class=\"elementor-gallery-item__content\">\n\t\t\t\t\t\t\t\t\t\t\t\t\t\t<div class=\"elementor-gallery-item__description\">\n\t\t\t\t\t\t\t\t\t\t\t\t\t\t\t\t\t\tPruebas Metal\u00fargicas\t\t\t\t\t\t\t\t<\/div>\n\t\t\t\t\t\t\t\t\t\t\t\t<\/div>\n\t\t\t\t\t\t\t\t\t<\/a>\n\t\t\t\t\t\t\t<a class=\"e-gallery-item elementor-gallery-item elementor-animated-content\" href=\"https:\/\/www.fosfatosdelpacifico.pe\/wp-content\/uploads\/2025\/10\/32.jpg_crc3867428583.jpg\" data-elementor-open-lightbox=\"no\">\n\t\t\t\t\t<div class=\"e-gallery-image elementor-gallery-item__image\" data-thumbnail=\"https:\/\/www.fosfatosdelpacifico.pe\/wp-content\/uploads\/2025\/10\/32.jpg_crc3867428583.jpg\" data-width=\"230\" data-height=\"230\" aria-label=\"\" role=\"img\" ><\/div>\n\t\t\t\t\t\t\t\t\t\t\t<div class=\"elementor-gallery-item__overlay\"><\/div>\n\t\t\t\t\t\t\t\t\t\t\t\t\t\t\t<div class=\"elementor-gallery-item__content\">\n\t\t\t\t\t\t\t\t\t\t\t\t\t\t<div class=\"elementor-gallery-item__description\">\n\t\t\t\t\t\t\t\t\t\t\t\t\t\t\t\t\t\tIng. b\u00e1sica de la Mina y Dep\u00f3sito de desechos\t\t\t\t\t\t\t\t<\/div>\n\t\t\t\t\t\t\t\t\t\t\t\t<\/div>\n\t\t\t\t\t\t\t\t\t<\/a>\n\t\t\t\t\t\t\t<a class=\"e-gallery-item elementor-gallery-item elementor-animated-content\" href=\"https:\/\/www.fosfatosdelpacifico.pe\/wp-content\/uploads\/2025\/10\/52.jpg_crc4113763485.jpg\" data-elementor-open-lightbox=\"no\">\n\t\t\t\t\t<div class=\"e-gallery-image elementor-gallery-item__image\" data-thumbnail=\"https:\/\/www.fosfatosdelpacifico.pe\/wp-content\/uploads\/2025\/10\/52.jpg_crc4113763485.jpg\" data-width=\"230\" data-height=\"230\" aria-label=\"\" role=\"img\" ><\/div>\n\t\t\t\t\t\t\t\t\t\t\t<div class=\"elementor-gallery-item__overlay\"><\/div>\n\t\t\t\t\t\t\t\t\t\t\t\t\t\t\t<div class=\"elementor-gallery-item__content\">\n\t\t\t\t\t\t\t\t\t\t\t\t\t\t<div class=\"elementor-gallery-item__description\">\n\t\t\t\t\t\t\t\t\t\t\t\t\t\t\t\t\t\tIngenier\u00eda b\u00e1sica  del Puerto\t\t\t\t\t\t\t\t<\/div>\n\t\t\t\t\t\t\t\t\t\t\t\t<\/div>\n\t\t\t\t\t\t\t\t\t<\/a>\n\t\t\t\t\t\t\t<a class=\"e-gallery-item elementor-gallery-item elementor-animated-content\" href=\"https:\/\/www.fosfatosdelpacifico.pe\/wp-content\/uploads\/2025\/10\/72.jpg_crc3991684066.jpg\" data-elementor-open-lightbox=\"no\">\n\t\t\t\t\t<div class=\"e-gallery-image elementor-gallery-item__image\" data-thumbnail=\"https:\/\/www.fosfatosdelpacifico.pe\/wp-content\/uploads\/2025\/10\/72.jpg_crc3991684066.jpg\" data-width=\"230\" data-height=\"230\" aria-label=\"\" role=\"img\" ><\/div>\n\t\t\t\t\t\t\t\t\t\t\t<div class=\"elementor-gallery-item__overlay\"><\/div>\n\t\t\t\t\t\t\t\t\t\t\t\t\t\t\t<div class=\"elementor-gallery-item__content\">\n\t\t\t\t\t\t\t\t\t\t\t\t\t\t<div class=\"elementor-gallery-item__description\">\n\t\t\t\t\t\t\t\t\t\t\t\t\t\t\t\t\t\tIngenier\u00eda de Valor\t\t\t\t\t\t\t\t<\/div>\n\t\t\t\t\t\t\t\t\t\t\t\t<\/div>\n\t\t\t\t\t\t\t\t\t<\/a>\n\t\t\t\t\t\t\t<a class=\"e-gallery-item elementor-gallery-item elementor-animated-content\" href=\"https:\/\/www.fosfatosdelpacifico.pe\/wp-content\/uploads\/2025\/10\/22.jpg_crc4021091209.jpg\" data-elementor-open-lightbox=\"no\">\n\t\t\t\t\t<div class=\"e-gallery-image elementor-gallery-item__image\" data-thumbnail=\"https:\/\/www.fosfatosdelpacifico.pe\/wp-content\/uploads\/2025\/10\/22.jpg_crc4021091209.jpg\" data-width=\"230\" data-height=\"230\" aria-label=\"\" role=\"img\" ><\/div>\n\t\t\t\t\t\t\t\t\t\t\t<div class=\"elementor-gallery-item__overlay\"><\/div>\n\t\t\t\t\t\t\t\t\t\t\t\t\t\t\t<div class=\"elementor-gallery-item__content\">\n\t\t\t\t\t\t\t\t\t\t\t\t\t\t<div class=\"elementor-gallery-item__description\">\n\t\t\t\t\t\t\t\t\t\t\t\t\t\t\t\t\t\tModelo  Geol\u00f3gico\t\t\t\t\t\t\t\t<\/div>\n\t\t\t\t\t\t\t\t\t\t\t\t<\/div>\n\t\t\t\t\t\t\t\t\t<\/a>\n\t\t\t\t\t\t\t<a class=\"e-gallery-item elementor-gallery-item elementor-animated-content\" href=\"https:\/\/www.fosfatosdelpacifico.pe\/wp-content\/uploads\/2025\/10\/42.jpg_crc256458365.jpg\" data-elementor-open-lightbox=\"no\">\n\t\t\t\t\t<div class=\"e-gallery-image elementor-gallery-item__image\" data-thumbnail=\"https:\/\/www.fosfatosdelpacifico.pe\/wp-content\/uploads\/2025\/10\/42.jpg_crc256458365.jpg\" data-width=\"230\" data-height=\"230\" aria-label=\"\" role=\"img\" ><\/div>\n\t\t\t\t\t\t\t\t\t\t\t<div class=\"elementor-gallery-item__overlay\"><\/div>\n\t\t\t\t\t\t\t\t\t\t\t\t\t\t\t<div class=\"elementor-gallery-item__content\">\n\t\t\t\t\t\t\t\t\t\t\t\t\t\t<div class=\"elementor-gallery-item__description\">\n\t\t\t\t\t\t\t\t\t\t\t\t\t\t\t\t\t\tIng. b\u00e1sica de la Planta de Beneficio\t\t\t\t\t\t\t\t<\/div>\n\t\t\t\t\t\t\t\t\t\t\t\t<\/div>\n\t\t\t\t\t\t\t\t\t<\/a>\n\t\t\t\t\t\t\t<a class=\"e-gallery-item elementor-gallery-item elementor-animated-content\" href=\"https:\/\/www.fosfatosdelpacifico.pe\/wp-content\/uploads\/2025\/10\/62.jpg_crc4039873804.jpg\" data-elementor-open-lightbox=\"no\">\n\t\t\t\t\t<div class=\"e-gallery-image elementor-gallery-item__image\" data-thumbnail=\"https:\/\/www.fosfatosdelpacifico.pe\/wp-content\/uploads\/2025\/10\/62.jpg_crc4039873804.jpg\" data-width=\"230\" data-height=\"230\" aria-label=\"\" role=\"img\" ><\/div>\n\t\t\t\t\t\t\t\t\t\t\t<div class=\"elementor-gallery-item__overlay\"><\/div>\n\t\t\t\t\t\t\t\t\t\t\t\t\t\t\t<div class=\"elementor-gallery-item__content\">\n\t\t\t\t\t\t\t\t\t\t\t\t\t\t<div class=\"elementor-gallery-item__description\">\n\t\t\t\t\t\t\t\t\t\t\t\t\t\t\t\t\t\tIngenier\u00eda b\u00e1sica del suministro de agua y energ\u00eda\t\t\t\t\t\t\t\t<\/div>\n\t\t\t\t\t\t\t\t\t\t\t\t<\/div>\n\t\t\t\t\t\t\t\t\t<\/a>\n\t\t\t\t\t\t\t<a class=\"e-gallery-item elementor-gallery-item elementor-animated-content\" href=\"https:\/\/www.fosfatosdelpacifico.pe\/wp-content\/uploads\/2025\/10\/82.jpg_crc4294006913.jpg\" data-elementor-open-lightbox=\"no\">\n\t\t\t\t\t<div class=\"e-gallery-image elementor-gallery-item__image\" data-thumbnail=\"https:\/\/www.fosfatosdelpacifico.pe\/wp-content\/uploads\/2025\/10\/82.jpg_crc4294006913.jpg\" data-width=\"230\" data-height=\"230\" aria-label=\"\" role=\"img\" ><\/div>\n\t\t\t\t\t\t\t\t\t\t\t<div class=\"elementor-gallery-item__overlay\"><\/div>\n\t\t\t\t\t\t\t\t\t\t\t\t\t\t\t<div class=\"elementor-gallery-item__content\">\n\t\t\t\t\t\t\t\t\t\t\t\t\t\t<div class=\"elementor-gallery-item__description\">\n\t\t\t\t\t\t\t\t\t\t\t\t\t\t\t\t\t\tPMC\t\t\t\t\t\t\t\t<\/div>\n\t\t\t\t\t\t\t\t\t\t\t\t<\/div>\n\t\t\t\t\t\t\t\t\t<\/a>\n\t\t\t\t\t\t\t<a class=\"e-gallery-item elementor-gallery-item elementor-animated-content\" href=\"https:\/\/www.fosfatosdelpacifico.pe\/wp-content\/uploads\/2025\/10\/92.jpg_crc3831294802.jpg\" data-elementor-open-lightbox=\"no\">\n\t\t\t\t\t<div class=\"e-gallery-image elementor-gallery-item__image\" data-thumbnail=\"https:\/\/www.fosfatosdelpacifico.pe\/wp-content\/uploads\/2025\/10\/92.jpg_crc3831294802.jpg\" data-width=\"230\" data-height=\"230\" aria-label=\"\" role=\"img\" ><\/div>\n\t\t\t\t\t\t\t\t\t\t\t<div class=\"elementor-gallery-item__overlay\"><\/div>\n\t\t\t\t\t\t\t\t\t\t\t\t\t\t\t<div class=\"elementor-gallery-item__content\">\n\t\t\t\t\t\t\t\t\t\t\t\t\t\t<div class=\"elementor-gallery-item__description\">\n\t\t\t\t\t\t\t\t\t\t\t\t\t\t\t\t\t\tNueva Ingenier\u00eda  b\u00e1sica\t\t\t\t\t\t\t\t<\/div>\n\t\t\t\t\t\t\t\t\t\t\t\t<\/div>\n\t\t\t\t\t\t\t\t\t<\/a>\n\t\t\t\t\t\t\t<a class=\"e-gallery-item elementor-gallery-item elementor-animated-content\" href=\"https:\/\/www.fosfatosdelpacifico.pe\/wp-content\/uploads\/2025\/10\/102.jpg_crc4041226027.jpg\" data-elementor-open-lightbox=\"no\">\n\t\t\t\t\t<div class=\"e-gallery-image elementor-gallery-item__image\" data-thumbnail=\"https:\/\/www.fosfatosdelpacifico.pe\/wp-content\/uploads\/2025\/10\/102.jpg_crc4041226027.jpg\" data-width=\"230\" data-height=\"230\" aria-label=\"\" role=\"img\" ><\/div>\n\t\t\t\t\t\t\t\t\t\t\t<div class=\"elementor-gallery-item__overlay\"><\/div>\n\t\t\t\t\t\t\t\t\t\t\t\t\t\t\t<div class=\"elementor-gallery-item__content\">\n\t\t\t\t\t\t\t\t\t\t\t\t\t\t<div class=\"elementor-gallery-item__description\">\n\t\t\t\t\t\t\t\t\t\t\t\t\t\t\t\t\t\tNueva Ingenier\u00eda b\u00e1sica\t\t\t\t\t\t\t\t<\/div>\n\t\t\t\t\t\t\t\t\t\t\t\t<\/div>\n\t\t\t\t\t\t\t\t\t<\/a>\n\t\t\t\t\t\t\t<a class=\"e-gallery-item elementor-gallery-item elementor-animated-content\" href=\"https:\/\/www.fosfatosdelpacifico.pe\/wp-content\/uploads\/2025\/10\/112.jpg_crc3920987869.jpg\" data-elementor-open-lightbox=\"no\">\n\t\t\t\t\t<div class=\"e-gallery-image elementor-gallery-item__image\" data-thumbnail=\"https:\/\/www.fosfatosdelpacifico.pe\/wp-content\/uploads\/2025\/10\/112.jpg_crc3920987869.jpg\" data-width=\"230\" data-height=\"230\" aria-label=\"\" role=\"img\" ><\/div>\n\t\t\t\t\t\t\t\t\t\t\t<div class=\"elementor-gallery-item__overlay\"><\/div>\n\t\t\t\t\t\t\t\t\t\t\t\t\t\t\t<div class=\"elementor-gallery-item__content\">\n\t\t\t\t\t\t\t\t\t\t\t\t\t\t<div class=\"elementor-gallery-item__description\">\n\t\t\t\t\t\t\t\t\t\t\t\t\t\t\t\t\t\tNueva ingenier\u00eda b\u00e1sica\t\t\t\t\t\t\t\t<\/div>\n\t\t\t\t\t\t\t\t\t\t\t\t<\/div>\n\t\t\t\t\t\t\t\t\t<\/a>\n\t\t\t\t\t\t\t<a class=\"e-gallery-item elementor-gallery-item elementor-animated-content\" href=\"https:\/\/www.fosfatosdelpacifico.pe\/wp-content\/uploads\/2025\/10\/123.jpg_crc363637433.jpg\" data-elementor-open-lightbox=\"no\">\n\t\t\t\t\t<div class=\"e-gallery-image elementor-gallery-item__image\" data-thumbnail=\"https:\/\/www.fosfatosdelpacifico.pe\/wp-content\/uploads\/2025\/10\/123.jpg_crc363637433.jpg\" data-width=\"230\" data-height=\"230\" aria-label=\"\" role=\"img\" ><\/div>\n\t\t\t\t\t\t\t\t\t\t\t<div class=\"elementor-gallery-item__overlay\"><\/div>\n\t\t\t\t\t\t\t\t\t\t\t\t\t\t\t<div class=\"elementor-gallery-item__content\">\n\t\t\t\t\t\t\t\t\t\t\t\t\t\t<div class=\"elementor-gallery-item__description\">\n\t\t\t\t\t\t\t\t\t\t\t\t\t\t\t\t\t\tNueva ingenier\u00eda b\u00e1sica\t\t\t\t\t\t\t\t<\/div>\n\t\t\t\t\t\t\t\t\t\t\t\t<\/div>\n\t\t\t\t\t\t\t\t\t<\/a>\n\t\t\t\t\t<\/div>\n\t\t\t\t\t<\/div>\n\t\t\t\t\t<\/div>\n\t\t\t\t<\/div>\n\t\t<div class=\"elementor-element elementor-element-8dbd805 e-flex e-con-boxed e-con e-parent\" data-id=\"8dbd805\" data-element_type=\"container\" data-e-type=\"container\" data-settings=\"{&quot;background_background&quot;:&quot;classic&quot;}\">\n\t\t\t\t\t<div class=\"e-con-inner\">\n\t\t\t\t<div class=\"elementor-element elementor-element-86b7edc elementor-widget elementor-widget-heading\" data-id=\"86b7edc\" data-element_type=\"widget\" data-e-type=\"widget\" id=\"directorio\" data-widget_type=\"heading.default\">\n\t\t\t\t\t<h2 class=\"elementor-heading-title elementor-size-default\">DIRECTORIO<\/h2>\t\t\t\t<\/div>\n\t\t\t\t<div class=\"elementor-element elementor-element-ba755ec elementor-widget elementor-widget-n-accordion\" data-id=\"ba755ec\" data-element_type=\"widget\" data-e-type=\"widget\" data-settings=\"{&quot;default_state&quot;:&quot;expanded&quot;,&quot;max_items_expended&quot;:&quot;one&quot;,&quot;n_accordion_animation_duration&quot;:{&quot;unit&quot;:&quot;ms&quot;,&quot;size&quot;:400,&quot;sizes&quot;:[]}}\" data-widget_type=\"nested-accordion.default\">\n\t\t\t\t\t\t\t<div class=\"e-n-accordion\" aria-label=\"Accordion. Open links with Enter or Space, close with Escape, and navigate with Arrow Keys\">\n\t\t\t\t\t\t<details id=\"e-n-accordion-item-1950\" class=\"e-n-accordion-item\" open>\n\t\t\t\t<summary class=\"e-n-accordion-item-title\" data-accordion-index=\"1\" tabindex=\"0\" aria-expanded=\"true\" aria-controls=\"e-n-accordion-item-1950\" >\n\t\t\t\t\t<span class='e-n-accordion-item-title-header'><div class=\"e-n-accordion-item-title-text\"> Humberto Nadal Del Carpio (Presidente del Directorio) <\/div><\/span>\n\t\t\t\t\t\t\t<span class='e-n-accordion-item-title-icon'>\n\t\t\t<span class='e-opened' ><svg aria-hidden=\"true\" class=\"e-font-icon-svg e-fas-minus\" viewBox=\"0 0 448 512\" xmlns=\"http:\/\/www.w3.org\/2000\/svg\"><path d=\"M416 208H32c-17.67 0-32 14.33-32 32v32c0 17.67 14.33 32 32 32h384c17.67 0 32-14.33 32-32v-32c0-17.67-14.33-32-32-32z\"><\/path><\/svg><\/span>\n\t\t\t<span class='e-closed'><svg aria-hidden=\"true\" class=\"e-font-icon-svg e-fas-plus\" viewBox=\"0 0 448 512\" xmlns=\"http:\/\/www.w3.org\/2000\/svg\"><path d=\"M416 208H272V64c0-17.67-14.33-32-32-32h-32c-17.67 0-32 14.33-32 32v144H32c-17.67 0-32 14.33-32 32v32c0 17.67 14.33 32 32 32h144v144c0 17.67 14.33 32 32 32h32c17.67 0 32-14.33 32-32V304h144c17.67 0 32-14.33 32-32v-32c0-17.67-14.33-32-32-32z\"><\/path><\/svg><\/span>\n\t\t<\/span>\n\n\t\t\t\t\t\t<\/summary>\n\t\t\t\t<div role=\"region\" aria-labelledby=\"e-n-accordion-item-1950\" class=\"elementor-element elementor-element-edfbb59 e-con-full e-flex e-con e-child\" data-id=\"edfbb59\" data-element_type=\"container\" data-e-type=\"container\">\n\t\t\t\t<div class=\"elementor-element elementor-element-c9f58c6 elementor-widget elementor-widget-text-editor\" data-id=\"c9f58c6\" data-element_type=\"widget\" data-e-type=\"widget\" data-widget_type=\"text-editor.default\">\n\t\t\t\t\t\t\t\t\tEl Sr. Nadal se incorpor\u00f3 a la empresa como Gerente de Desarrollo Corporativo en junio de 2007, es Director desde marzo de 2008 y CEO desde abril de 2011. Actualmente es Vicepresidente del Directorio de Ferreycorp S.A.A. y Ferreyros S.A. desde agosto de 2020, y miembro independiente del Directorio de ambas compa\u00f1\u00edas desde marzo de 2017, as\u00ed como Director de HCIG S.A. desde 2024. Tambi\u00e9n es CEO de ASPI, Fosfatos del Pac\u00edfico y FOSSAL, director de la Asociaci\u00f3n de Productores de Cemento (Asocem), y expresidente y actual miembro del Patronato de la Universidad del Pac\u00edfico. Es director de la GCCA, una asociaci\u00f3n global que agrupa a la mayor\u00eda de las empresas productoras de cemento del mundo, y director de FICEM, asociaci\u00f3n de productores de cemento de Am\u00e9rica Latina que re\u00fane al 80% de las empresas de la regi\u00f3n. Adem\u00e1s, es miembro del Consejo Asesor de la Facultad de Humanidades, Artes y Ciencias Sociales de la Universidad de Ingenier\u00eda y Tecnolog\u00eda (UTEC). Anteriormente, fue Presidente del Directorio del Fondo Mi Vivienda. Es miembro del grupo G-50. Es economista egresado de la Universidad del Pac\u00edfico y posee un MBA de la Universidad de Georgetown.\t\t\t\t\t\t\t\t<\/div>\n\t\t\t\t<\/div>\n\t\t\t\t\t<\/details>\n\t\t\t\t\t\t<details id=\"e-n-accordion-item-1951\" class=\"e-n-accordion-item\" >\n\t\t\t\t<summary class=\"e-n-accordion-item-title\" data-accordion-index=\"2\" tabindex=\"-1\" aria-expanded=\"false\" aria-controls=\"e-n-accordion-item-1951\" >\n\t\t\t\t\t<span class='e-n-accordion-item-title-header'><div class=\"e-n-accordion-item-title-text\"> Raimundo Morales Dasso (Vicepresidente) <\/div><\/span>\n\t\t\t\t\t\t\t<span class='e-n-accordion-item-title-icon'>\n\t\t\t<span class='e-opened' ><svg aria-hidden=\"true\" class=\"e-font-icon-svg e-fas-minus\" viewBox=\"0 0 448 512\" xmlns=\"http:\/\/www.w3.org\/2000\/svg\"><path d=\"M416 208H32c-17.67 0-32 14.33-32 32v32c0 17.67 14.33 32 32 32h384c17.67 0 32-14.33 32-32v-32c0-17.67-14.33-32-32-32z\"><\/path><\/svg><\/span>\n\t\t\t<span class='e-closed'><svg aria-hidden=\"true\" class=\"e-font-icon-svg e-fas-plus\" viewBox=\"0 0 448 512\" xmlns=\"http:\/\/www.w3.org\/2000\/svg\"><path d=\"M416 208H272V64c0-17.67-14.33-32-32-32h-32c-17.67 0-32 14.33-32 32v144H32c-17.67 0-32 14.33-32 32v32c0 17.67 14.33 32 32 32h144v144c0 17.67 14.33 32 32 32h32c17.67 0 32-14.33 32-32V304h144c17.67 0 32-14.33 32-32v-32c0-17.67-14.33-32-32-32z\"><\/path><\/svg><\/span>\n\t\t<\/span>\n\n\t\t\t\t\t\t<\/summary>\n\t\t\t\t<div role=\"region\" aria-labelledby=\"e-n-accordion-item-1951\" class=\"elementor-element elementor-element-a70ce1e e-con-full e-flex e-con e-child\" data-id=\"a70ce1e\" data-element_type=\"container\" data-e-type=\"container\">\n\t\t\t\t<div class=\"elementor-element elementor-element-3075296 elementor-widget elementor-widget-text-editor\" data-id=\"3075296\" data-element_type=\"widget\" data-e-type=\"widget\" data-widget_type=\"text-editor.default\">\n\t\t\t\t\t\t\t\t\t<p>El Sr. Morales es Director desde marzo de 2008 y actualmente se desempe\u00f1a como Vicepresidente del Directorio de Cementos Pacasmayo. Es Vicepresidente del Directorio de Credicorp LTD., del Banco de Cr\u00e9dito del Per\u00fa S.A. y de Pac\u00edfico Compa\u00f1\u00eda de Seguros y Reaseguros. Asimismo, es miembro del Directorio de Atlantic Security Holding Corporation, Grupo Cr\u00e9dito S.A., Soluci\u00f3n Empresa Administradora Hipotecaria S.A., Fosfatos del Pac\u00edfico S.A. y Grupo Romero. Se desempe\u00f1\u00f3 como Gerente General del BCP entre 1990 y 2008, y anteriormente ocup\u00f3 diversos cargos en Bank of America y Wells Fargo Bank entre 1970 y 1980. El Sr. Morales es licenciado en Econom\u00eda y Administraci\u00f3n de Empresas por la Universidad del Pac\u00edfico (Lima, Per\u00fa) y posee una Maestr\u00eda en Administraci\u00f3n de Negocios (MBA) de la Wharton Graduate School of Finance de la Universidad de Pensilvania, Estados Unidos.<\/p>\t\t\t\t\t\t\t\t<\/div>\n\t\t\t\t<\/div>\n\t\t\t\t\t<\/details>\n\t\t\t\t\t\t<details id=\"e-n-accordion-item-1952\" class=\"e-n-accordion-item\" >\n\t\t\t\t<summary class=\"e-n-accordion-item-title\" data-accordion-index=\"3\" tabindex=\"-1\" aria-expanded=\"false\" aria-controls=\"e-n-accordion-item-1952\" >\n\t\t\t\t\t<span class='e-n-accordion-item-title-header'><div class=\"e-n-accordion-item-title-text\"> Ely Hayashi Hirahoka (Director) <\/div><\/span>\n\t\t\t\t\t\t\t<span class='e-n-accordion-item-title-icon'>\n\t\t\t<span class='e-opened' ><svg aria-hidden=\"true\" class=\"e-font-icon-svg e-fas-minus\" viewBox=\"0 0 448 512\" xmlns=\"http:\/\/www.w3.org\/2000\/svg\"><path d=\"M416 208H32c-17.67 0-32 14.33-32 32v32c0 17.67 14.33 32 32 32h384c17.67 0 32-14.33 32-32v-32c0-17.67-14.33-32-32-32z\"><\/path><\/svg><\/span>\n\t\t\t<span class='e-closed'><svg aria-hidden=\"true\" class=\"e-font-icon-svg e-fas-plus\" viewBox=\"0 0 448 512\" xmlns=\"http:\/\/www.w3.org\/2000\/svg\"><path d=\"M416 208H272V64c0-17.67-14.33-32-32-32h-32c-17.67 0-32 14.33-32 32v144H32c-17.67 0-32 14.33-32 32v32c0 17.67 14.33 32 32 32h144v144c0 17.67 14.33 32 32 32h32c17.67 0 32-14.33 32-32V304h144c17.67 0 32-14.33 32-32v-32c0-17.67-14.33-32-32-32z\"><\/path><\/svg><\/span>\n\t\t<\/span>\n\n\t\t\t\t\t\t<\/summary>\n\t\t\t\t<div role=\"region\" aria-labelledby=\"e-n-accordion-item-1952\" class=\"elementor-element elementor-element-329650f e-con-full e-flex e-con e-child\" data-id=\"329650f\" data-element_type=\"container\" data-e-type=\"container\">\n\t\t\t\t<div class=\"elementor-element elementor-element-2aca4e6 elementor-widget elementor-widget-text-editor\" data-id=\"2aca4e6\" data-element_type=\"widget\" data-e-type=\"widget\" data-widget_type=\"text-editor.default\">\n\t\t\t\t\t\t\t\t\t<p>La Srta. Hayashi fue Gerente General de Finanzas desde enero de 2022 hasta el 31 de marzo de 2025. Actualmente se desempe\u00f1a como CFO de la compa\u00f1\u00eda. Es miembro del Directorio de Fosfatos del Pac\u00edfico S.A. y FOSSAL S.A.A. desde abril de 2025. Posee el grado de Bachiller en Administraci\u00f3n de Empresas por la Universidad del Pac\u00edfico y una Maestr\u00eda en Administraci\u00f3n de Negocios (MBA) por IE Business School en Madrid, Espa\u00f1a. La Srta. Hayashi se incorpor\u00f3 a Cementos Pacasmayo en 2006 y ha ocupado diversos cargos en \u00e1reas operativas y financieras durante sus m\u00e1s de 18 a\u00f1os en la empresa.<\/p>\t\t\t\t\t\t\t\t<\/div>\n\t\t\t\t<\/div>\n\t\t\t\t\t<\/details>\n\t\t\t\t\t\t<details id=\"e-n-accordion-item-1953\" class=\"e-n-accordion-item\" >\n\t\t\t\t<summary class=\"e-n-accordion-item-title\" data-accordion-index=\"4\" tabindex=\"-1\" aria-expanded=\"false\" aria-controls=\"e-n-accordion-item-1953\" >\n\t\t\t\t\t<span class='e-n-accordion-item-title-header'><div class=\"e-n-accordion-item-title-text\"> Javier Durand Planas (Director) <\/div><\/span>\n\t\t\t\t\t\t\t<span class='e-n-accordion-item-title-icon'>\n\t\t\t<span class='e-opened' ><svg aria-hidden=\"true\" class=\"e-font-icon-svg e-fas-minus\" viewBox=\"0 0 448 512\" xmlns=\"http:\/\/www.w3.org\/2000\/svg\"><path d=\"M416 208H32c-17.67 0-32 14.33-32 32v32c0 17.67 14.33 32 32 32h384c17.67 0 32-14.33 32-32v-32c0-17.67-14.33-32-32-32z\"><\/path><\/svg><\/span>\n\t\t\t<span class='e-closed'><svg aria-hidden=\"true\" class=\"e-font-icon-svg e-fas-plus\" viewBox=\"0 0 448 512\" xmlns=\"http:\/\/www.w3.org\/2000\/svg\"><path d=\"M416 208H272V64c0-17.67-14.33-32-32-32h-32c-17.67 0-32 14.33-32 32v144H32c-17.67 0-32 14.33-32 32v32c0 17.67 14.33 32 32 32h144v144c0 17.67 14.33 32 32 32h32c17.67 0 32-14.33 32-32V304h144c17.67 0 32-14.33 32-32v-32c0-17.67-14.33-32-32-32z\"><\/path><\/svg><\/span>\n\t\t<\/span>\n\n\t\t\t\t\t\t<\/summary>\n\t\t\t\t<div role=\"region\" aria-labelledby=\"e-n-accordion-item-1953\" class=\"elementor-element elementor-element-b11c7da e-flex e-con-boxed e-con e-child\" data-id=\"b11c7da\" data-element_type=\"container\" data-e-type=\"container\">\n\t\t\t\t\t<div class=\"e-con-inner\">\n\t\t\t\t<div class=\"elementor-element elementor-element-24e19a1 elementor-widget elementor-widget-text-editor\" data-id=\"24e19a1\" data-element_type=\"widget\" data-e-type=\"widget\" data-widget_type=\"text-editor.default\">\n\t\t\t\t\t\t\t\t\tEl Sr. Durand se uni\u00f3 al Grupo Hochschild en 1994 y se desempe\u00f1a como Asesor Legal General y Vicepresidente Legal de la compa\u00f1\u00eda desde 2008. Anteriormente fue Vicepresidente Legal de Hochschild Mining plc. Es abogado egresado de la Universidad de Lima y posee un MBA por la Universidad del Pac\u00edfico. Entre otros estudios, ha participado en el Programa de Gesti\u00f3n para Abogados y en el Programa de Gobierno Corporativo y Desempe\u00f1o de la Escuela de Administraci\u00f3n de Yale (EE.UU.), en el Programa de Negociaciones Estrat\u00e9gicas de la Escuela de Negocios de Harvard (EE.UU.) y en el Programa de Empresa y Sostenibilidad del Instituto de Liderazgo para la Sostenibilidad de la Universidad de Cambridge (Reino Unido). Actualmente es miembro del Directorio de ASPI, UTEC y TECSUP. Tambi\u00e9n ha sido Director de FOSPAC desde el 30 de marzo de 2021, de FOSSAL desde el 24 de marzo de 2023 y de HCIG S.A. desde 2024.\t\t\t\t\t\t\t\t<\/div>\n\t\t\t\t\t<\/div>\n\t\t\t\t<\/div>\n\t\t\t\t\t<\/details>\n\t\t\t\t\t<\/div>\n\t\t\t\t\t\t<\/div>\n\t\t<div class=\"elementor-element elementor-element-2ef5b69 e-grid e-con-full elementor-hidden-desktop elementor-hidden-tablet elementor-hidden-mobile e-con e-child\" data-id=\"2ef5b69\" data-element_type=\"container\" data-e-type=\"container\">\n\t\t\t\t<div class=\"elementor-element elementor-element-814fd4e elementor-widget elementor-widget-image\" data-id=\"814fd4e\" data-element_type=\"widget\" data-e-type=\"widget\" data-widget_type=\"image.default\">\n\t\t\t\t\t\t\t\t\t\t\t\t<figure class=\"wp-caption\">\n\t\t\t\t\t\t\t\t\t\t<img loading=\"lazy\" decoding=\"async\" width=\"230\" height=\"230\" src=\"https:\/\/www.fosfatosdelpacifico.pe\/wp-content\/uploads\/2025\/10\/humberto-reynaldo-nadal-del-carpio.jpg_crc274605396.jpg\" class=\"attachment-large size-large wp-image-96\" alt=\"\" srcset=\"https:\/\/www.fosfatosdelpacifico.pe\/wp-content\/uploads\/2025\/10\/humberto-reynaldo-nadal-del-carpio.jpg_crc274605396.jpg 230w, https:\/\/www.fosfatosdelpacifico.pe\/wp-content\/uploads\/2025\/10\/humberto-reynaldo-nadal-del-carpio.jpg_crc274605396-150x150.jpg 150w, https:\/\/www.fosfatosdelpacifico.pe\/wp-content\/uploads\/2025\/10\/humberto-reynaldo-nadal-del-carpio.jpg_crc274605396-12x12.jpg 12w\" sizes=\"(max-width: 230px) 100vw, 230px\" \/>\t\t\t\t\t\t\t\t\t\t\t<figcaption class=\"widget-image-caption wp-caption-text\">Humberto Nadal  Director <br> Gerente General<\/figcaption>\n\t\t\t\t\t\t\t\t\t\t<\/figure>\n\t\t\t\t\t\t\t\t\t<\/div>\n\t\t\t\t<div class=\"elementor-element elementor-element-790494d elementor-widget elementor-widget-image\" data-id=\"790494d\" data-element_type=\"widget\" data-e-type=\"widget\" data-widget_type=\"image.default\">\n\t\t\t\t\t\t\t\t\t\t\t\t<figure class=\"wp-caption\">\n\t\t\t\t\t\t\t\t\t\t<img loading=\"lazy\" decoding=\"async\" width=\"230\" height=\"230\" src=\"https:\/\/www.fosfatosdelpacifico.pe\/wp-content\/uploads\/2025\/10\/eduardo-hochschild-beeck.jpg_crc3846899181.jpg\" class=\"attachment-large size-large wp-image-99\" alt=\"\" srcset=\"https:\/\/www.fosfatosdelpacifico.pe\/wp-content\/uploads\/2025\/10\/eduardo-hochschild-beeck.jpg_crc3846899181.jpg 230w, https:\/\/www.fosfatosdelpacifico.pe\/wp-content\/uploads\/2025\/10\/eduardo-hochschild-beeck.jpg_crc3846899181-150x150.jpg 150w, https:\/\/www.fosfatosdelpacifico.pe\/wp-content\/uploads\/2025\/10\/eduardo-hochschild-beeck.jpg_crc3846899181-12x12.jpg 12w\" sizes=\"(max-width: 230px) 100vw, 230px\" \/>\t\t\t\t\t\t\t\t\t\t\t<figcaption class=\"widget-image-caption wp-caption-text\">Eduardo Hochschild <br>Presidente<\/figcaption>\n\t\t\t\t\t\t\t\t\t\t<\/figure>\n\t\t\t\t\t\t\t\t\t<\/div>\n\t\t\t\t<div class=\"elementor-element elementor-element-f60d043 elementor-widget elementor-widget-image\" data-id=\"f60d043\" data-element_type=\"widget\" data-e-type=\"widget\" data-widget_type=\"image.default\">\n\t\t\t\t\t\t\t\t\t\t\t\t<figure class=\"wp-caption\">\n\t\t\t\t\t\t\t\t\t\t<img loading=\"lazy\" decoding=\"async\" width=\"230\" height=\"230\" src=\"https:\/\/www.fosfatosdelpacifico.pe\/wp-content\/uploads\/2025\/10\/raimundo-morales-dasso.jpg_crc65500972.jpg\" class=\"attachment-large size-large wp-image-98\" alt=\"\" srcset=\"https:\/\/www.fosfatosdelpacifico.pe\/wp-content\/uploads\/2025\/10\/raimundo-morales-dasso.jpg_crc65500972.jpg 230w, https:\/\/www.fosfatosdelpacifico.pe\/wp-content\/uploads\/2025\/10\/raimundo-morales-dasso.jpg_crc65500972-150x150.jpg 150w, https:\/\/www.fosfatosdelpacifico.pe\/wp-content\/uploads\/2025\/10\/raimundo-morales-dasso.jpg_crc65500972-12x12.jpg 12w\" sizes=\"(max-width: 230px) 100vw, 230px\" \/>\t\t\t\t\t\t\t\t\t\t\t<figcaption class=\"widget-image-caption wp-caption-text\">Raimundo Morales <br> Director<\/figcaption>\n\t\t\t\t\t\t\t\t\t\t<\/figure>\n\t\t\t\t\t\t\t\t\t<\/div>\n\t\t\t\t<div class=\"elementor-element elementor-element-05fea53 elementor-widget elementor-widget-image\" data-id=\"05fea53\" data-element_type=\"widget\" data-e-type=\"widget\" data-widget_type=\"image.default\">\n\t\t\t\t\t\t\t\t\t\t\t\t<figure class=\"wp-caption\">\n\t\t\t\t\t\t\t\t\t\t<img loading=\"lazy\" decoding=\"async\" width=\"230\" height=\"277\" src=\"https:\/\/www.fosfatosdelpacifico.pe\/wp-content\/uploads\/2025\/10\/nishi-1.jpg_crc4201345067.jpg\" class=\"attachment-large size-large wp-image-97\" alt=\"\" srcset=\"https:\/\/www.fosfatosdelpacifico.pe\/wp-content\/uploads\/2025\/10\/nishi-1.jpg_crc4201345067.jpg 230w, https:\/\/www.fosfatosdelpacifico.pe\/wp-content\/uploads\/2025\/10\/nishi-1.jpg_crc4201345067-10x12.jpg 10w\" sizes=\"(max-width: 230px) 100vw, 230px\" \/>\t\t\t\t\t\t\t\t\t\t\t<figcaption class=\"widget-image-caption wp-caption-text\">Takahiko Nishitani <br> Director<\/figcaption>\n\t\t\t\t\t\t\t\t\t\t<\/figure>\n\t\t\t\t\t\t\t\t\t<\/div>\n\t\t\t\t<\/div>\n\t\t\t\t\t<\/div>\n\t\t\t\t<\/div>\n\t\t<div class=\"elementor-element elementor-element-9183095 e-flex e-con-boxed e-con e-parent\" data-id=\"9183095\" data-element_type=\"container\" data-e-type=\"container\" data-settings=\"{&quot;background_background&quot;:&quot;classic&quot;}\">\n\t\t\t\t\t<div class=\"e-con-inner\">\n\t\t\t\t<div class=\"elementor-element elementor-element-e715829 elementor-widget elementor-widget-heading\" data-id=\"e715829\" data-element_type=\"widget\" data-e-type=\"widget\" id=\"contacto\" data-widget_type=\"heading.default\">\n\t\t\t\t\t<h2 class=\"elementor-heading-title elementor-size-default\">CONTACTO<\/h2>\t\t\t\t<\/div>\n\t\t\t\t<div class=\"elementor-element elementor-element-335bede elementor-widget__width-initial elementor-button-align-stretch elementor-widget elementor-widget-form\" data-id=\"335bede\" data-element_type=\"widget\" data-e-type=\"widget\" data-settings=\"{&quot;step_next_label&quot;:&quot;Siguiente&quot;,&quot;step_previous_label&quot;:&quot;Anterior&quot;,&quot;button_width&quot;:&quot;100&quot;,&quot;step_type&quot;:&quot;number_text&quot;,&quot;step_icon_shape&quot;:&quot;circle&quot;}\" data-widget_type=\"form.default\">\n\t\t\t\t\t\t\t<form class=\"elementor-form\" method=\"post\" name=\"Nuevo formulario\" aria-label=\"Nuevo formulario\">\n\t\t\t<input type=\"hidden\" name=\"post_id\" value=\"12\"\/>\n\t\t\t<input type=\"hidden\" name=\"form_id\" value=\"335bede\"\/>\n\t\t\t<input type=\"hidden\" name=\"referer_title\" value=\"\" \/>\n\n\t\t\t\t\t\t\t<input type=\"hidden\" name=\"queried_id\" value=\"12\"\/>\n\t\t\t\n\t\t\t<div class=\"elementor-form-fields-wrapper elementor-labels-\">\n\t\t\t\t\t\t\t\t<div class=\"elementor-field-type-text elementor-field-group elementor-column elementor-field-group-nombre elementor-col-100\">\n\t\t\t\t\t\t\t\t\t\t\t\t<label for=\"form-field-nombre\" class=\"elementor-field-label elementor-screen-only\">\n\t\t\t\t\t\t\t\tNombre\t\t\t\t\t\t\t<\/label>\n\t\t\t\t\t\t\t\t\t\t\t\t\t\t<input size=\"1\" type=\"text\" name=\"form_fields[nombre]\" id=\"form-field-nombre\" class=\"elementor-field elementor-size-sm  elementor-field-textual\" placeholder=\"Nombre\">\n\t\t\t\t\t\t\t\t\t\t\t<\/div>\n\t\t\t\t\t\t\t\t<div class=\"elementor-field-type-email elementor-field-group elementor-column elementor-field-group-correo elementor-col-100 elementor-field-required\">\n\t\t\t\t\t\t\t\t\t\t\t\t<label for=\"form-field-correo\" class=\"elementor-field-label elementor-screen-only\">\n\t\t\t\t\t\t\t\tCorreo electr\u00f3nico\t\t\t\t\t\t\t<\/label>\n\t\t\t\t\t\t\t\t\t\t\t\t\t\t<input size=\"1\" type=\"email\" name=\"form_fields[correo]\" id=\"form-field-correo\" class=\"elementor-field elementor-size-sm  elementor-field-textual\" placeholder=\"Correo electr\u00f3nico\" required=\"required\">\n\t\t\t\t\t\t\t\t\t\t\t<\/div>\n\t\t\t\t\t\t\t\t<div class=\"elementor-field-type-textarea elementor-field-group elementor-column elementor-field-group-mensaje elementor-col-100\">\n\t\t\t\t\t\t\t\t\t\t\t\t<label for=\"form-field-mensaje\" class=\"elementor-field-label elementor-screen-only\">\n\t\t\t\t\t\t\t\tMensaje\t\t\t\t\t\t\t<\/label>\n\t\t\t\t\t\t<textarea class=\"elementor-field-textual elementor-field  elementor-size-sm\" name=\"form_fields[mensaje]\" id=\"form-field-mensaje\" rows=\"8\" placeholder=\"Mensaje\"><\/textarea>\t\t\t\t<\/div>\n\t\t\t\t\t\t\t\t<div class=\"elementor-field-group elementor-column elementor-field-type-submit elementor-col-100 e-form__buttons\">\n\t\t\t\t\t<button class=\"elementor-button elementor-size-sm\" type=\"submit\">\n\t\t\t\t\t\t<span class=\"elementor-button-content-wrapper\">\n\t\t\t\t\t\t\t\t\t\t\t\t\t\t\t\t\t\t\t\t\t\t<span class=\"elementor-button-text\">Enviar<\/span>\n\t\t\t\t\t\t\t\t\t\t\t\t\t<\/span>\n\t\t\t\t\t<\/button>\n\t\t\t\t<\/div>\n\t\t\t<\/div>\n\t\t<\/form>\n\t\t\t\t\t\t<\/div>\n\t\t\t\t<div class=\"elementor-element elementor-element-04563ca elementor-widget elementor-widget-text-editor\" data-id=\"04563ca\" data-element_type=\"widget\" data-e-type=\"widget\" data-widget_type=\"text-editor.default\">\n\t\t\t\t\t\t\t\t\t<p><span class=\"notvisible\">lorem <a href=\"#\">ipsum<\/a><\/span><\/p><p>El listado de accionistas que a la fecha no han reclamado sus t\u00edtulos representativos de acciones se detalla <a href=\"https:\/\/drive.google.com\/drive\/folders\/1ePLPSKTHO0Fd-adozpCJB1x0RlGx-ooG\">aqu\u00ed<\/a><\/p><p>Para cualquier denuncia puede utilizar la l\u00ednea \u00e9tica ubicada en el siguiente <a href=\"https:\/\/www.cementospacasmayo.com.pe\/canal-de-inquietudes-y-denuncias\/registre-su-denuncia\">aqu\u00ed<\/a><\/p><p>Junta General de Accionistas <a href=\"https:\/\/drive.google.com\/drive\/folders\/1HnMzfwpFRczPU-Flo70-ORSAt8u-qeer\">aqu\u00ed<\/a><\/p><p>Pol\u00edtica de Privacidad <a href=\"https:\/\/drive.google.com\/drive\/folders\/1sbQSWT7AAHjyOOqV8MRa4DaU0rXd-69_\">aqu\u00ed<\/a><\/p><p>Pol\u00edtica de Cookies <a href=\"https:\/\/drive.google.com\/drive\/folders\/1EZaKc75nHDtUki2wnGTHqM8hXJXGl3z7?usp=drive_link\">aqu\u00ed<\/a><\/p><p>Formulario de Derechos ARCO <a href=\"https:\/\/drive.google.com\/drive\/folders\/1KcA7d1rKhqZXl2VhetKy4RsiCz2DoSQA\">aqu\u00ed<\/a><\/p><p>Estatuto de Fossal <a href=\"https:\/\/www.fossal.pe\/wp-content\/uploads\/2023\/12\/ESTATUTO-FOSSAL-VF.pdf\">aqu\u00ed<\/a><\/p><p>Avisos SMV y BVL <a href=\"https:\/\/drive.google.com\/drive\/folders\/1iFXCyXZs-s8E5jFS2KqoJCXbbcEdhTOD\">aqu\u00ed<\/a><\/p><p>Pol\u00edticas, Procedimientos y Cumplimiento <a href=\"https:\/\/drive.google.com\/drive\/folders\/1PyYshmE1dScMaLZGYiJ510ibXlvfqa8a?usp=sharing\">aqui<\/a><\/p>\t\t\t\t\t\t\t\t<\/div>\n\t\t\t\t\t<\/div>\n\t\t\t\t<\/div>\n\t\t\t\t<\/div>\n\t\t","protected":false},"excerpt":{"rendered":"<p>Fosfatos del Pac\u00edfico S.A. es una empresa p\u00fablica, que cotiza en la Bolsa de Valores de Lima (BVL) y cuyo objeto social es dedicarse a todo tipo de actividades mineras met\u00e1licas y no met\u00e1licas. La Compa\u00f1\u00eda es titular de la concesi\u00f3n minera no met\u00e1lica Bayovar 9, en la cual a la fecha se han detectado [&hellip;]<\/p>\n","protected":false},"author":1,"featured_media":0,"parent":0,"menu_order":0,"comment_status":"closed","ping_status":"closed","template":"","meta":{"footnotes":""},"class_list":["post-12","page","type-page","status-publish","hentry"],"_links":{"self":[{"href":"https:\/\/www.fosfatosdelpacifico.pe\/en\/wp-json\/wp\/v2\/pages\/12","targetHints":{"allow":["GET"]}}],"collection":[{"href":"https:\/\/www.fosfatosdelpacifico.pe\/en\/wp-json\/wp\/v2\/pages"}],"about":[{"href":"https:\/\/www.fosfatosdelpacifico.pe\/en\/wp-json\/wp\/v2\/types\/page"}],"author":[{"embeddable":true,"href":"https:\/\/www.fosfatosdelpacifico.pe\/en\/wp-json\/wp\/v2\/users\/1"}],"replies":[{"embeddable":true,"href":"https:\/\/www.fosfatosdelpacifico.pe\/en\/wp-json\/wp\/v2\/comments?post=12"}],"version-history":[{"count":130,"href":"https:\/\/www.fosfatosdelpacifico.pe\/en\/wp-json\/wp\/v2\/pages\/12\/revisions"}],"predecessor-version":[{"id":274,"href":"https:\/\/www.fosfatosdelpacifico.pe\/en\/wp-json\/wp\/v2\/pages\/12\/revisions\/274"}],"wp:attachment":[{"href":"https:\/\/www.fosfatosdelpacifico.pe\/en\/wp-json\/wp\/v2\/media?parent=12"}],"curies":[{"name":"wp","href":"https:\/\/api.w.org\/{rel}","templated":true}]}}